{"id":1911,"date":"2023-08-06T12:37:47","date_gmt":"2023-08-06T12:37:47","guid":{"rendered":"https:\/\/yogaprana.es\/?page_id=1911"},"modified":"2025-04-05T19:57:38","modified_gmt":"2025-04-05T19:57:38","slug":"libro","status":"publish","type":"page","link":"https:\/\/yogaprana.es\/index.php\/libro\/","title":{"rendered":"Libro"},"content":{"rendered":"\t\t<div data-elementor-type=\"wp-page\" data-elementor-id=\"1911\" class=\"elementor elementor-1911\" data-elementor-post-type=\"page\">\n\t\t\t\t\t\t<section class=\"elementor-section elementor-top-section elementor-element elementor-element-faea8d0 elementor-section-boxed elementor-section-height-default elementor-section-height-default\" data-id=\"faea8d0\" data-element_type=\"section\" data-settings=\"{&quot;background_background&quot;:&quot;classic&quot;}\">\n\t\t\t\t\t\t<div class=\"elementor-container elementor-column-gap-default\">\n\t\t\t\t\t<div class=\"elementor-column elementor-col-100 elementor-top-column elementor-element elementor-element-aed6e7f animated-slow elementor-invisible\" data-id=\"aed6e7f\" data-element_type=\"column\" data-settings=\"{&quot;animation&quot;:&quot;fadeIn&quot;}\">\n\t\t\t<div class=\"elementor-widget-wrap elementor-element-populated\">\n\t\t\t\t\t\t<div class=\"elementor-element elementor-element-082d0dd elementor-widget elementor-widget-spacer\" data-id=\"082d0dd\" data-element_type=\"widget\" data-widget_type=\"spacer.default\">\n\t\t\t\t<div class=\"elementor-widget-container\">\n\t\t\t\t\t\t\t<div class=\"elementor-spacer\">\n\t\t\t<div class=\"elementor-spacer-inner\"><\/div>\n\t\t<\/div>\n\t\t\t\t\t\t<\/div>\n\t\t\t\t<\/div>\n\t\t\t\t<div class=\"elementor-element elementor-element-06b0194 elementor-widget elementor-widget-heading\" data-id=\"06b0194\" data-element_type=\"widget\" data-widget_type=\"heading.default\">\n\t\t\t\t<div class=\"elementor-widget-container\">\n\t\t\t\t\t<h2 class=\"elementor-heading-title elementor-size-default\">Libro<\/h2>\t\t\t\t<\/div>\n\t\t\t\t<\/div>\n\t\t\t\t<div class=\"elementor-element elementor-element-bb5dd7c elementor-widget elementor-widget-spacer\" data-id=\"bb5dd7c\" data-element_type=\"widget\" data-widget_type=\"spacer.default\">\n\t\t\t\t<div class=\"elementor-widget-container\">\n\t\t\t\t\t\t\t<div class=\"elementor-spacer\">\n\t\t\t<div class=\"elementor-spacer-inner\"><\/div>\n\t\t<\/div>\n\t\t\t\t\t\t<\/div>\n\t\t\t\t<\/div>\n\t\t\t\t<div class=\"elementor-element elementor-element-f4615a2 elementor-widget elementor-widget-heading\" data-id=\"f4615a2\" data-element_type=\"widget\" data-widget_type=\"heading.default\">\n\t\t\t\t<div class=\"elementor-widget-container\">\n\t\t\t\t\t<h2 class=\"elementor-heading-title elementor-size-default\">Yoga Prana<\/h2>\t\t\t\t<\/div>\n\t\t\t\t<\/div>\n\t\t\t\t<section class=\"elementor-section elementor-inner-section elementor-element elementor-element-cfd8989 elementor-section-boxed elementor-section-height-default elementor-section-height-default\" data-id=\"cfd8989\" data-element_type=\"section\">\n\t\t\t\t\t\t<div class=\"elementor-container elementor-column-gap-default\">\n\t\t\t\t\t<div class=\"elementor-column elementor-col-50 elementor-inner-column elementor-element elementor-element-f0d1931\" data-id=\"f0d1931\" data-element_type=\"column\">\n\t\t\t<div class=\"elementor-widget-wrap elementor-element-populated\">\n\t\t\t\t\t\t<div class=\"elementor-element elementor-element-7deb837 elementor-widget elementor-widget-image\" data-id=\"7deb837\" data-element_type=\"widget\" data-widget_type=\"image.default\">\n\t\t\t\t<div class=\"elementor-widget-container\">\n\t\t\t\t\t\t\t\t\t\t\t\t\t\t\t<img fetchpriority=\"high\" decoding=\"async\" width=\"1773\" height=\"2560\" src=\"https:\/\/yogaprana.es\/wp-content\/uploads\/2023\/08\/MG_6281.JPG-verde-y-dorado-corregida-scaled.jpg\" class=\"attachment-full size-full wp-image-2015\" alt=\"\" srcset=\"https:\/\/yogaprana.es\/wp-content\/uploads\/2023\/08\/MG_6281.JPG-verde-y-dorado-corregida-scaled.jpg 1773w, https:\/\/yogaprana.es\/wp-content\/uploads\/2023\/08\/MG_6281.JPG-verde-y-dorado-corregida-scaled-600x866.jpg 600w, https:\/\/yogaprana.es\/wp-content\/uploads\/2023\/08\/MG_6281.JPG-verde-y-dorado-corregida-208x300.jpg 208w, https:\/\/yogaprana.es\/wp-content\/uploads\/2023\/08\/MG_6281.JPG-verde-y-dorado-corregida-709x1024.jpg 709w, https:\/\/yogaprana.es\/wp-content\/uploads\/2023\/08\/MG_6281.JPG-verde-y-dorado-corregida-768x1109.jpg 768w, https:\/\/yogaprana.es\/wp-content\/uploads\/2023\/08\/MG_6281.JPG-verde-y-dorado-corregida-1064x1536.jpg 1064w, https:\/\/yogaprana.es\/wp-content\/uploads\/2023\/08\/MG_6281.JPG-verde-y-dorado-corregida-1419x2048.jpg 1419w, https:\/\/yogaprana.es\/wp-content\/uploads\/2023\/08\/MG_6281.JPG-verde-y-dorado-corregida-1320x1905.jpg 1320w\" sizes=\"(max-width: 1773px) 100vw, 1773px\" \/>\t\t\t\t\t\t\t\t\t\t\t\t\t\t\t<\/div>\n\t\t\t\t<\/div>\n\t\t\t\t\t<\/div>\n\t\t<\/div>\n\t\t\t\t<div class=\"elementor-column elementor-col-50 elementor-inner-column elementor-element elementor-element-2de9448\" data-id=\"2de9448\" data-element_type=\"column\">\n\t\t\t<div class=\"elementor-widget-wrap elementor-element-populated\">\n\t\t\t\t\t\t<div class=\"elementor-element elementor-element-3cebd38 elementor-widget elementor-widget-text-editor\" data-id=\"3cebd38\" data-element_type=\"widget\" data-widget_type=\"text-editor.default\">\n\t\t\t\t<div class=\"elementor-widget-container\">\n\t\t\t\t\t\t\t\t\t<p>Hoy, un caluroso d\u00eda de verano, estoy escribiendo. A trav\u00e9s de la ventana lo primero que veo es un gran hibisco en flor. Cada d\u00eda al amanecer, abre numerosas flores de un suave color violeta azulado que se cierran al anochecer y caen unos d\u00edas m\u00e1s tarde, las dejo secar, las guardo y durante el resto del a\u00f1o, las utilizo para preparar tisanas. Un hecho tan cotidiano me sirve de met\u00e1fora de la propia vida; observo la impermanencia, la interdependencia, me hace consciente de vivir el aqu\u00ed y ahora, de practicar el agradecimiento \u2026<\/p>\n<p>He escrito, reflexionado, experimentado, corregido y vuelto a escribir a trav\u00e9s de todas las estaciones del a\u00f1o, \u00abvarias veces\u00bb. Me enfrento o mejor dicho, \u00a8me entrego\u00a8 al gran reto de dar forma a mi proyecto m\u00e1s personal, volcando en un libro el m\u00e9todo que a lo largo de los a\u00f1os vengo desarrollando. Curiosamente, nunca fui consciente de este proceso y a\u00fan menos lo busqu\u00e9; simplemente, me fui dejando guiar por la intuici\u00f3n.<\/p>\n<p>Un d\u00eda, una de mis hermanas me hizo una pregunta reveladora: \u201ceso que haces, si es tan beneficioso para ti, \u00bfpor qu\u00e9 no lo compartes? Seguramente podr\u00eda ayudar a otras personas\u201d.<\/p>\n<p>Aquellas palabras quedaron grabadas en mi mente. Empec\u00e9 a darle vueltas al concepto de \u00a8compartir\u00a8, porqu\u00e9 y para qu\u00e9 hacerlo, para qui\u00e9n, c\u00f3mo llevarlo a cabo, desde d\u00f3nde partir, entre otras muchas cuestiones. Sin darme cuenta, me estaba embarcando en un nuevo proyecto.<\/p>\n<p>Por todo ello, me ilusiona much\u00edsimo compartir mi experiencia a trav\u00e9s de este libro, en el cual a\u00fan estoy trabajando. En \u00e9l, explico y desarrollo la metodolog\u00eda pr\u00e1ctica de Yoga Prana (as\u00ed he nombrado el m\u00e9todo). Comparto ejercicios pr\u00e1cticos, meditaciones guiadas, historias inspiradoras y algunas reflexiones que pueden ayudarte a profundizar en tu proceso de autoconocimiento y cuidado.<\/p>\n<p>Si sientes curiosidad, te invito a acompa\u00f1arme a lo largo de este viaje para conocer m\u00e1s sobre Yoga Prana, brind\u00e1ndote un espacio seguro y acogedor donde puedas explorar conmigo, a trav\u00e9s de tu cuerpo, de la meditaci\u00f3n, del tacto y de la respiraci\u00f3n, llev\u00e1ndote a un lugar de autocuidado, crecimiento y transformaci\u00f3n personal<\/p>\t\t\t\t\t\t\t\t<\/div>\n\t\t\t\t<\/div>\n\t\t\t\t\t<\/div>\n\t\t<\/div>\n\t\t\t\t\t<\/div>\n\t\t<\/section>\n\t\t\t\t\t<\/div>\n\t\t<\/div>\n\t\t\t\t\t<\/div>\n\t\t<\/section>\n\t\t\t\t<section class=\"elementor-section elementor-top-section elementor-element elementor-element-5074b2b elementor-section-boxed elementor-section-height-default elementor-section-height-default\" data-id=\"5074b2b\" data-element_type=\"section\" data-settings=\"{&quot;background_background&quot;:&quot;classic&quot;}\">\n\t\t\t\t\t\t<div class=\"elementor-container elementor-column-gap-default\">\n\t\t\t\t\t<div class=\"elementor-column elementor-col-33 elementor-top-column elementor-element elementor-element-00b071f\" data-id=\"00b071f\" data-element_type=\"column\">\n\t\t\t<div class=\"elementor-widget-wrap\">\n\t\t\t\t\t\t\t<\/div>\n\t\t<\/div>\n\t\t\t\t<div class=\"elementor-column elementor-col-33 elementor-top-column elementor-element elementor-element-85551d2 animated-slow elementor-invisible\" data-id=\"85551d2\" data-element_type=\"column\" data-settings=\"{&quot;animation&quot;:&quot;fadeIn&quot;}\">\n\t\t\t<div class=\"elementor-widget-wrap\">\n\t\t\t\t\t\t\t<\/div>\n\t\t<\/div>\n\t\t\t\t<div class=\"elementor-column elementor-col-33 elementor-top-column elementor-element elementor-element-8436951\" data-id=\"8436951\" data-element_type=\"column\">\n\t\t\t<div class=\"elementor-widget-wrap\">\n\t\t\t\t\t\t\t<\/div>\n\t\t<\/div>\n\t\t\t\t\t<\/div>\n\t\t<\/section>\n\t\t\t\t<\/div>\n\t\t","protected":false},"excerpt":{"rendered":"<p>Libro Yoga Prana Hoy, un caluroso d\u00eda de verano, estoy escribiendo. A trav\u00e9s de la ventana lo primero que veo es un gran hibisco en flor. Cada d\u00eda al amanecer, abre numerosas flores de un suave color violeta azulado que se cierran al anochecer y caen unos d\u00edas m\u00e1s tarde, las dejo secar, las guardo [&hellip;]<\/p>\n","protected":false},"author":1,"featured_media":0,"parent":0,"menu_order":0,"comment_status":"closed","ping_status":"closed","template":"","meta":{"site-sidebar-layout":"no-sidebar","site-content-layout":"page-builder","ast-site-content-layout":"default","site-content-style":"default","site-sidebar-style":"default","ast-global-header-display":"","ast-banner-title-visibility":"","ast-main-header-display":"","ast-hfb-above-header-display":"","ast-hfb-below-header-display":"","ast-hfb-mobile-header-display":"","site-post-title":"disabled","ast-breadcrumbs-content":"","ast-featured-img":"disabled","footer-sml-layout":"","theme-transparent-header-meta":"","adv-header-id-meta":"","stick-header-meta":"","header-above-stick-meta":"","header-main-stick-meta":"","header-below-stick-meta":"","astra-migrate-meta-layouts":"default","ast-page-background-enabled":"default","ast-page-background-meta":{"desktop":{"background-color":"var(--ast-global-color-4)","background-image":"","background-repeat":"repeat","background-position":"center center","background-size":"auto","background-attachment":"scroll","background-type":"","background-media":"","overlay-type":"","overlay-color":"","overlay-opacity":"","overlay-gradient":""},"tablet":{"background-color":"","background-image":"","background-repeat":"repeat","background-position":"center center","background-size":"auto","background-attachment":"scroll","background-type":"","background-media":"","overlay-type":"","overlay-color":"","overlay-opacity":"","overlay-gradient":""},"mobile":{"background-color":"","background-image":"","background-repeat":"repeat","background-position":"center center","background-size":"auto","background-attachment":"scroll","background-type":"","background-media":"","overlay-type":"","overlay-color":"","overlay-opacity":"","overlay-gradient":""}},"ast-content-background-meta":{"desktop":{"background-color":"var(--ast-global-color-5)","background-image":"","background-repeat":"repeat","background-position":"center center","background-size":"auto","background-attachment":"scroll","background-type":"","background-media":"","overlay-type":"","overlay-color":"","overlay-opacity":"","overlay-gradient":""},"tablet":{"background-color":"var(--ast-global-color-5)","background-image":"","background-repeat":"repeat","background-position":"center center","background-size":"auto","background-attachment":"scroll","background-type":"","background-media":"","overlay-type":"","overlay-color":"","overlay-opacity":"","overlay-gradient":""},"mobile":{"background-color":"var(--ast-global-color-5)","background-image":"","background-repeat":"repeat","background-position":"center center","background-size":"auto","background-attachment":"scroll","background-type":"","background-media":"","overlay-type":"","overlay-color":"","overlay-opacity":"","overlay-gradient":""}},"footnotes":""},"class_list":["post-1911","page","type-page","status-publish","hentry"],"yoast_head":"<!-- This site is optimized with the Yoast SEO plugin v25.9 - https:\/\/yoast.com\/wordpress\/plugins\/seo\/ -->\n<title>Libro - YogaPrana<\/title>\n<meta name=\"robots\" content=\"index, follow, max-snippet:-1, max-image-preview:large, max-video-preview:-1\" \/>\n<link rel=\"canonical\" href=\"https:\/\/yogaprana.es\/index.php\/libro\/\" \/>\n<meta property=\"og:locale\" content=\"es_ES\" \/>\n<meta property=\"og:type\" content=\"article\" \/>\n<meta property=\"og:title\" content=\"Libro - YogaPrana\" \/>\n<meta property=\"og:description\" content=\"Libro Yoga Prana Hoy, un caluroso d\u00eda de verano, estoy escribiendo. A trav\u00e9s de la ventana lo primero que veo es un gran hibisco en flor. Cada d\u00eda al amanecer, abre numerosas flores de un suave color violeta azulado que se cierran al anochecer y caen unos d\u00edas m\u00e1s tarde, las dejo secar, las guardo [&hellip;]\" \/>\n<meta property=\"og:url\" content=\"https:\/\/yogaprana.es\/index.php\/libro\/\" \/>\n<meta property=\"og:site_name\" content=\"YogaPrana\" \/>\n<meta property=\"article:modified_time\" content=\"2025-04-05T19:57:38+00:00\" \/>\n<meta property=\"og:image\" content=\"http:\/\/yogaprana.es\/wp-content\/uploads\/2023\/08\/MG_6281.JPG-verde-y-dorado-corregida-scaled.jpg\" \/>\n<meta name=\"twitter:card\" content=\"summary_large_image\" \/>\n<meta name=\"twitter:label1\" content=\"Tiempo de lectura\" \/>\n\t<meta name=\"twitter:data1\" content=\"2 minutos\" \/>\n<script type=\"application\/ld+json\" class=\"yoast-schema-graph\">{\"@context\":\"https:\/\/schema.org\",\"@graph\":[{\"@type\":\"WebPage\",\"@id\":\"https:\/\/yogaprana.es\/index.php\/libro\/\",\"url\":\"https:\/\/yogaprana.es\/index.php\/libro\/\",\"name\":\"Libro - YogaPrana\",\"isPartOf\":{\"@id\":\"https:\/\/yogaprana.es\/#website\"},\"primaryImageOfPage\":{\"@id\":\"https:\/\/yogaprana.es\/index.php\/libro\/#primaryimage\"},\"image\":{\"@id\":\"https:\/\/yogaprana.es\/index.php\/libro\/#primaryimage\"},\"thumbnailUrl\":\"http:\/\/yogaprana.es\/wp-content\/uploads\/2023\/08\/MG_6281.JPG-verde-y-dorado-corregida-scaled.jpg\",\"datePublished\":\"2023-08-06T12:37:47+00:00\",\"dateModified\":\"2025-04-05T19:57:38+00:00\",\"breadcrumb\":{\"@id\":\"https:\/\/yogaprana.es\/index.php\/libro\/#breadcrumb\"},\"inLanguage\":\"es\",\"potentialAction\":[{\"@type\":\"ReadAction\",\"target\":[\"https:\/\/yogaprana.es\/index.php\/libro\/\"]}]},{\"@type\":\"ImageObject\",\"inLanguage\":\"es\",\"@id\":\"https:\/\/yogaprana.es\/index.php\/libro\/#primaryimage\",\"url\":\"https:\/\/yogaprana.es\/wp-content\/uploads\/2023\/08\/MG_6281.JPG-verde-y-dorado-corregida-scaled.jpg\",\"contentUrl\":\"https:\/\/yogaprana.es\/wp-content\/uploads\/2023\/08\/MG_6281.JPG-verde-y-dorado-corregida-scaled.jpg\",\"width\":1773,\"height\":2560,\"caption\":\"046\"},{\"@type\":\"BreadcrumbList\",\"@id\":\"https:\/\/yogaprana.es\/index.php\/libro\/#breadcrumb\",\"itemListElement\":[{\"@type\":\"ListItem\",\"position\":1,\"name\":\"Home\",\"item\":\"https:\/\/yogaprana.es\/\"},{\"@type\":\"ListItem\",\"position\":2,\"name\":\"Libro\"}]},{\"@type\":\"WebSite\",\"@id\":\"https:\/\/yogaprana.es\/#website\",\"url\":\"https:\/\/yogaprana.es\/\",\"name\":\"YogaPrana\",\"description\":\"Yoga Tacto y Respiraci\u00f3n\",\"publisher\":{\"@id\":\"https:\/\/yogaprana.es\/#\/schema\/person\/b990311c9225359eca63f03ceb0e633d\"},\"potentialAction\":[{\"@type\":\"SearchAction\",\"target\":{\"@type\":\"EntryPoint\",\"urlTemplate\":\"https:\/\/yogaprana.es\/?s={search_term_string}\"},\"query-input\":{\"@type\":\"PropertyValueSpecification\",\"valueRequired\":true,\"valueName\":\"search_term_string\"}}],\"inLanguage\":\"es\"},{\"@type\":[\"Person\",\"Organization\"],\"@id\":\"https:\/\/yogaprana.es\/#\/schema\/person\/b990311c9225359eca63f03ceb0e633d\",\"name\":\"Esther Garrido\",\"image\":{\"@type\":\"ImageObject\",\"inLanguage\":\"es\",\"@id\":\"https:\/\/yogaprana.es\/#\/schema\/person\/image\/\",\"url\":\"https:\/\/yogaprana.es\/wp-content\/uploads\/2023\/07\/photofunny.net_-2.jpg\",\"contentUrl\":\"https:\/\/yogaprana.es\/wp-content\/uploads\/2023\/07\/photofunny.net_-2.jpg\",\"width\":1024,\"height\":1024,\"caption\":\"Esther Garrido\"},\"logo\":{\"@id\":\"https:\/\/yogaprana.es\/#\/schema\/person\/image\/\"},\"sameAs\":[\"http:\/\/yogaprana.es\"]}]}<\/script>\n<!-- \/ Yoast SEO plugin. -->","yoast_head_json":{"title":"Libro - YogaPrana","robots":{"index":"index","follow":"follow","max-snippet":"max-snippet:-1","max-image-preview":"max-image-preview:large","max-video-preview":"max-video-preview:-1"},"canonical":"https:\/\/yogaprana.es\/index.php\/libro\/","og_locale":"es_ES","og_type":"article","og_title":"Libro - YogaPrana","og_description":"Libro Yoga Prana Hoy, un caluroso d\u00eda de verano, estoy escribiendo. A trav\u00e9s de la ventana lo primero que veo es un gran hibisco en flor. Cada d\u00eda al amanecer, abre numerosas flores de un suave color violeta azulado que se cierran al anochecer y caen unos d\u00edas m\u00e1s tarde, las dejo secar, las guardo [&hellip;]","og_url":"https:\/\/yogaprana.es\/index.php\/libro\/","og_site_name":"YogaPrana","article_modified_time":"2025-04-05T19:57:38+00:00","og_image":[{"url":"http:\/\/yogaprana.es\/wp-content\/uploads\/2023\/08\/MG_6281.JPG-verde-y-dorado-corregida-scaled.jpg","type":"","width":"","height":""}],"twitter_card":"summary_large_image","twitter_misc":{"Tiempo de lectura":"2 minutos"},"schema":{"@context":"https:\/\/schema.org","@graph":[{"@type":"WebPage","@id":"https:\/\/yogaprana.es\/index.php\/libro\/","url":"https:\/\/yogaprana.es\/index.php\/libro\/","name":"Libro - YogaPrana","isPartOf":{"@id":"https:\/\/yogaprana.es\/#website"},"primaryImageOfPage":{"@id":"https:\/\/yogaprana.es\/index.php\/libro\/#primaryimage"},"image":{"@id":"https:\/\/yogaprana.es\/index.php\/libro\/#primaryimage"},"thumbnailUrl":"http:\/\/yogaprana.es\/wp-content\/uploads\/2023\/08\/MG_6281.JPG-verde-y-dorado-corregida-scaled.jpg","datePublished":"2023-08-06T12:37:47+00:00","dateModified":"2025-04-05T19:57:38+00:00","breadcrumb":{"@id":"https:\/\/yogaprana.es\/index.php\/libro\/#breadcrumb"},"inLanguage":"es","potentialAction":[{"@type":"ReadAction","target":["https:\/\/yogaprana.es\/index.php\/libro\/"]}]},{"@type":"ImageObject","inLanguage":"es","@id":"https:\/\/yogaprana.es\/index.php\/libro\/#primaryimage","url":"https:\/\/yogaprana.es\/wp-content\/uploads\/2023\/08\/MG_6281.JPG-verde-y-dorado-corregida-scaled.jpg","contentUrl":"https:\/\/yogaprana.es\/wp-content\/uploads\/2023\/08\/MG_6281.JPG-verde-y-dorado-corregida-scaled.jpg","width":1773,"height":2560,"caption":"046"},{"@type":"BreadcrumbList","@id":"https:\/\/yogaprana.es\/index.php\/libro\/#breadcrumb","itemListElement":[{"@type":"ListItem","position":1,"name":"Home","item":"https:\/\/yogaprana.es\/"},{"@type":"ListItem","position":2,"name":"Libro"}]},{"@type":"WebSite","@id":"https:\/\/yogaprana.es\/#website","url":"https:\/\/yogaprana.es\/","name":"YogaPrana","description":"Yoga Tacto y Respiraci\u00f3n","publisher":{"@id":"https:\/\/yogaprana.es\/#\/schema\/person\/b990311c9225359eca63f03ceb0e633d"},"potentialAction":[{"@type":"SearchAction","target":{"@type":"EntryPoint","urlTemplate":"https:\/\/yogaprana.es\/?s={search_term_string}"},"query-input":{"@type":"PropertyValueSpecification","valueRequired":true,"valueName":"search_term_string"}}],"inLanguage":"es"},{"@type":["Person","Organization"],"@id":"https:\/\/yogaprana.es\/#\/schema\/person\/b990311c9225359eca63f03ceb0e633d","name":"Esther Garrido","image":{"@type":"ImageObject","inLanguage":"es","@id":"https:\/\/yogaprana.es\/#\/schema\/person\/image\/","url":"https:\/\/yogaprana.es\/wp-content\/uploads\/2023\/07\/photofunny.net_-2.jpg","contentUrl":"https:\/\/yogaprana.es\/wp-content\/uploads\/2023\/07\/photofunny.net_-2.jpg","width":1024,"height":1024,"caption":"Esther Garrido"},"logo":{"@id":"https:\/\/yogaprana.es\/#\/schema\/person\/image\/"},"sameAs":["http:\/\/yogaprana.es"]}]}},"_links":{"self":[{"href":"https:\/\/yogaprana.es\/index.php\/wp-json\/wp\/v2\/pages\/1911","targetHints":{"allow":["GET"]}}],"collection":[{"href":"https:\/\/yogaprana.es\/index.php\/wp-json\/wp\/v2\/pages"}],"about":[{"href":"https:\/\/yogaprana.es\/index.php\/wp-json\/wp\/v2\/types\/page"}],"author":[{"embeddable":true,"href":"https:\/\/yogaprana.es\/index.php\/wp-json\/wp\/v2\/users\/1"}],"replies":[{"embeddable":true,"href":"https:\/\/yogaprana.es\/index.php\/wp-json\/wp\/v2\/comments?post=1911"}],"version-history":[{"count":40,"href":"https:\/\/yogaprana.es\/index.php\/wp-json\/wp\/v2\/pages\/1911\/revisions"}],"predecessor-version":[{"id":2687,"href":"https:\/\/yogaprana.es\/index.php\/wp-json\/wp\/v2\/pages\/1911\/revisions\/2687"}],"wp:attachment":[{"href":"https:\/\/yogaprana.es\/index.php\/wp-json\/wp\/v2\/media?parent=1911"}],"curies":[{"name":"wp","href":"https:\/\/api.w.org\/{rel}","templated":true}]}}